{"id":137,"date":"2023-05-07T22:33:06","date_gmt":"2023-05-08T03:33:06","guid":{"rendered":"https:\/\/editionsderniermot.com\/?page_id=137"},"modified":"2026-04-05T12:50:05","modified_gmt":"2026-04-05T17:50:05","slug":"fil-dactualite","status":"publish","type":"page","link":"https:\/\/editionsderniermot.com\/?page_id=137","title":{"rendered":"Fil d&rsquo;actualit\u00e9"},"content":{"rendered":"\n<p><\/p>\n\n\n\n<p>5 avril 2026<\/p>\n\n\n\n<p>Le troisi\u00e8me tome de la saga Riverfall est maintenant disponible dans notre boutique! Bonne lecture!<\/p>\n\n\n\n<p><\/p>\n\n\n\n<p>29 f\u00e9vrier 2025<\/p>\n\n\n\n<p>Le tome 3 des enqu\u00eates de Fred Roy : L&rsquo;Ordre est disponible dans la boutique! Bonne lecture!<\/p>\n\n\n\n<p><\/p>\n\n\n\n<p>9 novembre 2022<\/p>\n\n\n\n<p>Sur la Terre des Hommes \u2013 Scripta est maintenant disponible \u00e0 la librairie Au boulon d\u2019ancrage de Rouyn-Noranda et \u00e0 la librairie Servidec de Ville-Marie!<\/p>\n\n\n\n<p>1er novembre 2022<\/p>\n\n\n\n<p>Notre livre, Sur la Terre des Hommes | Scripta : Tome 1, est maintenant disponible en version papier! Visitez la boutique pour vous le procurer!<\/p>\n\n\n\n<p>30 mai 2022<\/p>\n\n\n\n<p>Cela fait presque deux ans que nous n\u2019avons laiss\u00e9 aucune nouvelle. Sachez que la pand\u00e9mie a \u00e9t\u00e9 dure pour nous aussi, mais nous nous relevons. Le reste de l\u2019ann\u00e9e 2022 sera riche pour EDM. Nous travaillons sur les derniers d\u00e9tails du livre historique Sur la Terre des Homme \u2013 Scripta : Tome 1. Nous le lancerons cet automne tout comme le tome 3 des enqu\u00eates de Fred Roy : L\u2019Ordre. Restez \u00e0 l\u2019aff\u00fbt, nous sommes de retour!<\/p>\n\n\n\n<p>4 ao\u00fbt 2020<\/p>\n\n\n\n<p>Diana Dasilva \u2013 Dans l\u2019enfer du bunker est maintenant pr\u00eat! Bonne lecture!<\/p>\n\n\n\n<p>25 mai 2020<\/p>\n\n\n\n<p>Diana Dasilva \u2013 Dans l\u2019enfer du bunker sera bient\u00f4t disponible en version papier. On vous tient au courant!<\/p>\n\n\n\n<p>14 mai 2020<\/p>\n\n\n\n<p>La f\u00e9e des dents est disponible en version papier! Sautez dessus maintenant!<\/p>\n\n\n\n<p>20 mars 2020<\/p>\n\n\n\n<p>La f\u00e9e des dents est maintenant disponible en version num\u00e9rique!<\/p>\n\n\n\n<p>10 mars 2020<\/p>\n\n\n\n<p>Diana Dasilva \u2013 Dans l\u2019enfer du bunker est maintenant disponible en version num\u00e9rique dans notre boutique!<\/p>\n\n\n\n<p>22 janvier 2020<\/p>\n\n\n\n<p>Le myst\u00e8re de Riverfall est disponible en version num\u00e9rique d\u00e8s maintenant! Passez \u00e0 la boutique du site!<\/p>\n\n\n\n<p>11 janvier 2020<\/p>\n\n\n\n<p>Bonjour \u00e0 tous et \u00e0 toutes! Le myst\u00e8re de Riverfall par Rock Arpin est termin\u00e9! Il sera disponible en version papier et num\u00e9rique d\u2019ici quelques semaines. On vous tient au courant!<\/p>\n\n\n\n<p>30 mai 2018<\/p>\n\n\n\n<p>CHAIRS est maintenant pr\u00eat! Cependant, il est encore impossible de se le procurer. Il le sera suite au lancement qui aura lieu le 9 juin, \u00e0 13:30, au Barbe Broue Pub de Ville-Marie! Il sera ensuite possible de vous le procurer. D\u2019autres nouvelles suivront.<\/p>\n\n\n\n<p>13 f\u00e9vrier 2018<\/p>\n\n\n\n<p>C\u2019est maintenant officiel! Le lancement du roman, \u00ab CHAIRS \u00bb, se fera au Barbe Broue Pub de Ville-Marie au printemps ou au d\u00e9but de l\u2019\u00e9t\u00e9! Nous vous tiendrons au courant pour la date exacte. Vous avez l\u2019occasion de pr\u00e9commander votre exemplaire en nous contactant en priv\u00e9 d\u00e8s maintenant.<\/p>\n\n\n\n<p>11 f\u00e9vrier 2018<\/p>\n\n\n\n<p>Nous tenons \u00e0 remercier tous ceux qui se sont pr\u00e9sent\u00e9s au lancement du roman Liaison d\u00e9fendue de Mathieu No\u00ebl. Ce fut un succ\u00e8s inesp\u00e9r\u00e9! Nous vous donnons rendez-vous au prochain lancement qui sera celui du roman CHAIRS de J\u00e9r\u00e9mie Rivard. La date reste \u00e0 d\u00e9terminer. Soyez \u00e0 l\u2019affut!<\/p>\n\n\n\n<p>18 d\u00e9cembre 2017<\/p>\n\n\n\n<p>Nous sommes fiers d\u2019annoncer la sortie du roman Liaison d\u00e9fendue, \u00e9crit par Mathieu No\u00ebl. La date exacte de sortie sera connue pendant le mois de janvier.<\/p>\n\n\n\n<p>25 septembre 2017<\/p>\n\n\n\n<p>G\u00e9vaudan est pr\u00eat! Vous pouvez d\u00e8s maintenant vous le procurer dans notre boutique ou en nous contactant sur notre page Facebook et nous vous l\u2019enverrons directement \u00e0 votre porte! Faites vite!<\/p>\n\n\n\n<p>8 septembre 2017<\/p>\n\n\n\n<p>G\u00e9vaudan est enfin termin\u00e9! Il sera disponible dans les prochaines semaines! Nous vous informerons d\u00e8s qu\u2019il sera pr\u00eat.<\/p>\n\n\n\n<p>11 juillet 2017<\/p>\n\n\n\n<p>Petit topo sur l\u2019\u00e9criture de G\u00e9vaudan: Je travaille tr\u00e8s fort pour vous livrer ce r\u00e9cit qui m\u00e9lange la fiction et la triste r\u00e9alit\u00e9 de l\u2019histoire de la B\u00eate du G\u00e9vaudan. Tr\u00e8s h\u00e2te que vous puissiez partager ma passion pour cette histoire qui encore aujourd\u2019hui, nous n\u2019avons pas encore de r\u00e9ponse arr\u00eat\u00e9e sur l\u2019identit\u00e9 de cet animal. \u00c0 bient\u00f4t!<\/p>\n\n\n\n<p>J\u00e9r\u00e9mie Rivard<\/p>\n\n\n\n<p>10 mai 2017<\/p>\n\n\n\n<p>Salutations \u00e0 tous! Veuillez prendre note que la trilogie Aux profondeurs de l\u2019abysse ne sera plus disponible en tomes s\u00e9par\u00e9s. Cependant, une nouvelle \u00e9dition sera disponible dans les prochaines semaines o\u00f9 ils seront r\u00e9unis en un seul tome! Intitul\u00e9 tout simplement \u00abAbysse\u00bb, il sera en vente sur le site d\u2019\u00c9ditions Dernier Mot et partout \u00e0 travers l\u2019Abitibi-T\u00e9miscamingue. Si vous \u00eates de l\u2019ext\u00e9rieur, aimez la page Facebook des \u00c9ditions Dernier Mot et \u00e9crivez nous en priv\u00e9 pour recevoir votre copie directement chez-vous. Finalement, la sortie de G\u00e9vaudan est pr\u00e9vue pour l\u2019\u00e9t\u00e9 2017.<\/p>\n\n\n\n<p>\u00c0 tr\u00e8s bient\u00f4t!<\/p>\n","protected":false},"excerpt":{"rendered":"<p>5 avril 2026 Le troisi\u00e8me tome de la saga Riverfall est maintenant disponible dans notre boutique! Bonne lecture! 29 f\u00e9vrier 2025 Le tome 3 des enqu\u00eates de Fred Roy : L&rsquo;Ordre est disponible dans la boutique! Bonne lecture! 9 novembre 2022 Sur la Terre des Hommes \u2013 Scripta est maintenant disponible \u00e0 la librairie Au [&hellip;]<\/p>\n","protected":false},"author":1,"featured_media":0,"parent":0,"menu_order":0,"comment_status":"closed","ping_status":"closed","template":"","meta":{"_et_pb_use_builder":"off","_et_pb_old_content":"<!-- wp:paragraph -->\n<p>10 novembre 2022<\/p>\n<!-- \/wp:paragraph -->\n\n<!-- wp:paragraph -->\n<p>La relecture de G\u00e9vaudan est d\u00e9but\u00e9e. Une r\u00e9\u00e9dition para\u00eetra pendant l\u2019hiver 2023.<\/p>\n<!-- \/wp:paragraph -->\n\n<!-- wp:paragraph -->\n<p>9 novembre 2022<\/p>\n<!-- \/wp:paragraph -->\n\n<!-- wp:paragraph -->\n<p>Sur la Terre des Hommes \u2013 Scripta est maintenant disponible \u00e0 la librairie Au boulon d\u2019ancrage de Rouyn-Noranda et \u00e0 la librairie Servidec de Ville-Marie!<\/p>\n<!-- \/wp:paragraph -->\n\n<!-- wp:paragraph -->\n<p>1er novembre 2022<\/p>\n<!-- \/wp:paragraph -->\n\n<!-- wp:paragraph -->\n<p>Notre livre, Sur la Terre des Hommes | Scripta : Tome 1, est maintenant disponible en version papier! Visitez la boutique pour vous le procurer!<\/p>\n<!-- \/wp:paragraph -->\n\n<!-- wp:paragraph -->\n<p>30 mai 2022<\/p>\n<!-- \/wp:paragraph -->\n\n<!-- wp:paragraph -->\n<p>Cela fait presque deux ans que nous n\u2019avons laiss\u00e9 aucune nouvelle. Sachez que la pand\u00e9mie a \u00e9t\u00e9 dure pour nous aussi, mais nous nous relevons. Le reste de l\u2019ann\u00e9e 2022 sera riche pour EDM. Nous travaillons sur les derniers d\u00e9tails du livre historique Sur la Terre des Homme \u2013 Scripta : Tome 1. Nous le lancerons cet automne tout comme le tome 3 des enqu\u00eates de Fred Roy : L\u2019Ordre. Restez \u00e0 l\u2019aff\u00fbt, nous sommes de retour!<\/p>\n<!-- \/wp:paragraph -->\n\n<!-- wp:paragraph -->\n<p>4 ao\u00fbt 2020<\/p>\n<!-- \/wp:paragraph -->\n\n<!-- wp:paragraph -->\n<p>Diana Dasilva \u2013 Dans l\u2019enfer du bunker est maintenant pr\u00eat! Bonne lecture!<\/p>\n<!-- \/wp:paragraph -->\n\n<!-- wp:paragraph -->\n<p>25 mai 2020<\/p>\n<!-- \/wp:paragraph -->\n\n<!-- wp:paragraph -->\n<p>Diana Dasilva \u2013 Dans l\u2019enfer du bunker sera bient\u00f4t disponible en version papier. On vous tient au courant!<\/p>\n<!-- \/wp:paragraph -->\n\n<!-- wp:paragraph -->\n<p>14 mai 2020<\/p>\n<!-- \/wp:paragraph -->\n\n<!-- wp:paragraph -->\n<p>La f\u00e9e des dents est disponible en version papier! Sautez dessus maintenant!<\/p>\n<!-- \/wp:paragraph -->\n\n<!-- wp:paragraph -->\n<p>20 mars 2020<\/p>\n<!-- \/wp:paragraph -->\n\n<!-- wp:paragraph -->\n<p>La f\u00e9e des dents est maintenant disponible en version num\u00e9rique!<\/p>\n<!-- \/wp:paragraph -->\n\n<!-- wp:paragraph -->\n<p>10 mars 2020<\/p>\n<!-- \/wp:paragraph -->\n\n<!-- wp:paragraph -->\n<p>Diana Dasilva \u2013 Dans l\u2019enfer du bunker est maintenant disponible en version num\u00e9rique dans notre boutique!<\/p>\n<!-- \/wp:paragraph -->\n\n<!-- wp:paragraph -->\n<p>22 janvier 2020<\/p>\n<!-- \/wp:paragraph -->\n\n<!-- wp:paragraph -->\n<p>Le myst\u00e8re de Riverfall est disponible en version num\u00e9rique d\u00e8s maintenant! Passez \u00e0 la boutique du site!<\/p>\n<!-- \/wp:paragraph -->\n\n<!-- wp:paragraph -->\n<p>11 janvier 2020<\/p>\n<!-- \/wp:paragraph -->\n\n<!-- wp:paragraph -->\n<p>Bonjour \u00e0 tous et \u00e0 toutes! Le myst\u00e8re de Riverfall par Rock Arpin est termin\u00e9! Il sera disponible en version papier et num\u00e9rique d\u2019ici quelques semaines. On vous tient au courant!<\/p>\n<!-- \/wp:paragraph -->\n\n<!-- wp:paragraph -->\n<p>30 mai 2018<\/p>\n<!-- \/wp:paragraph -->\n\n<!-- wp:paragraph -->\n<p>CHAIRS est maintenant pr\u00eat! Cependant, il est encore impossible de se le procurer. Il le sera suite au lancement qui aura lieu le 9 juin, \u00e0 13:30, au Barbe Broue Pub de Ville-Marie! Il sera ensuite possible de vous le procurer. D\u2019autres nouvelles suivront.<\/p>\n<!-- \/wp:paragraph -->\n\n<!-- wp:paragraph -->\n<p>13 f\u00e9vrier 2018<\/p>\n<!-- \/wp:paragraph -->\n\n<!-- wp:paragraph -->\n<p>C\u2019est maintenant officiel! Le lancement du roman, \u00ab CHAIRS \u00bb, se fera au Barbe Broue Pub de Ville-Marie au printemps ou au d\u00e9but de l\u2019\u00e9t\u00e9! Nous vous tiendrons au courant pour la date exacte. Vous avez l\u2019occasion de pr\u00e9commander votre exemplaire en nous contactant en priv\u00e9 d\u00e8s maintenant.<\/p>\n<!-- \/wp:paragraph -->\n\n<!-- wp:paragraph -->\n<p>11 f\u00e9vrier 2018<\/p>\n<!-- \/wp:paragraph -->\n\n<!-- wp:paragraph -->\n<p>Nous tenons \u00e0 remercier tous ceux qui se sont pr\u00e9sent\u00e9s au lancement du roman Liaison d\u00e9fendue de Mathieu No\u00ebl. Ce fut un succ\u00e8s inesp\u00e9r\u00e9! Nous vous donnons rendez-vous au prochain lancement qui sera celui du roman CHAIRS de J\u00e9r\u00e9mie Rivard. La date reste \u00e0 d\u00e9terminer. Soyez \u00e0 l\u2019affut!<\/p>\n<!-- \/wp:paragraph -->\n\n<!-- wp:paragraph -->\n<p>18 d\u00e9cembre 2017<\/p>\n<!-- \/wp:paragraph -->\n\n<!-- wp:paragraph -->\n<p>Nous sommes fiers d\u2019annoncer la sortie du roman Liaison d\u00e9fendue, \u00e9crit par Mathieu No\u00ebl. La date exacte de sortie sera connue pendant le mois de janvier.<\/p>\n<!-- \/wp:paragraph -->\n\n<!-- wp:paragraph -->\n<p>25 septembre 2017<\/p>\n<!-- \/wp:paragraph -->\n\n<!-- wp:paragraph -->\n<p>G\u00e9vaudan est pr\u00eat! Vous pouvez d\u00e8s maintenant vous le procurer dans notre boutique ou en nous contactant sur notre page Facebook et nous vous l\u2019enverrons directement \u00e0 votre porte! Faites vite!<\/p>\n<!-- \/wp:paragraph -->\n\n<!-- wp:paragraph -->\n<p>8 septembre 2017<\/p>\n<!-- \/wp:paragraph -->\n\n<!-- wp:paragraph -->\n<p>G\u00e9vaudan est enfin termin\u00e9! Il sera disponible dans les prochaines semaines! Nous vous informerons d\u00e8s qu\u2019il sera pr\u00eat.<\/p>\n<!-- \/wp:paragraph -->\n\n<!-- wp:paragraph -->\n<p>11 juillet 2017<\/p>\n<!-- \/wp:paragraph -->\n\n<!-- wp:paragraph -->\n<p>Petit topo sur l\u2019\u00e9criture de G\u00e9vaudan: Je travaille tr\u00e8s fort pour vous livrer ce r\u00e9cit qui m\u00e9lange la fiction et la triste r\u00e9alit\u00e9 de l\u2019histoire de la B\u00eate du G\u00e9vaudan. Tr\u00e8s h\u00e2te que vous puissiez partager ma passion pour cette histoire qui encore aujourd\u2019hui, nous n\u2019avons pas encore de r\u00e9ponse arr\u00eat\u00e9e sur l\u2019identit\u00e9 de cet animal. \u00c0 bient\u00f4t!<\/p>\n<!-- \/wp:paragraph -->\n\n<!-- wp:paragraph -->\n<p>J\u00e9r\u00e9mie Rivard<\/p>\n<!-- \/wp:paragraph -->\n\n<!-- wp:paragraph -->\n<p>10 mai 2017<\/p>\n<!-- \/wp:paragraph -->\n\n<!-- wp:paragraph -->\n<p>Salutations \u00e0 tous! Veuillez prendre note que la trilogie Aux profondeurs de l\u2019abysse ne sera plus disponible en tomes s\u00e9par\u00e9s. Cependant, une nouvelle \u00e9dition sera disponible dans les prochaines semaines o\u00f9 ils seront r\u00e9unis en un seul tome! Intitul\u00e9 tout simplement \u00abAbysse\u00bb, il sera en vente sur le site d\u2019\u00c9ditions Dernier Mot et partout \u00e0 travers l\u2019Abitibi-T\u00e9miscamingue. Si vous \u00eates de l\u2019ext\u00e9rieur, aimez la page Facebook des \u00c9ditions Dernier Mot et \u00e9crivez nous en priv\u00e9 pour recevoir votre copie directement chez-vous. Finalement, la sortie de G\u00e9vaudan est pr\u00e9vue pour l\u2019\u00e9t\u00e9 2017.<\/p>\n<!-- \/wp:paragraph -->\n\n<!-- wp:paragraph -->\n<p>\u00c0 tr\u00e8s bient\u00f4t!<\/p>\n<!-- \/wp:paragraph -->","_et_gb_content_width":"","footnotes":""},"class_list":["post-137","page","type-page","status-publish","hentry"],"_links":{"self":[{"href":"https:\/\/editionsderniermot.com\/index.php?rest_route=\/wp\/v2\/pages\/137","targetHints":{"allow":["GET"]}}],"collection":[{"href":"https:\/\/editionsderniermot.com\/index.php?rest_route=\/wp\/v2\/pages"}],"about":[{"href":"https:\/\/editionsderniermot.com\/index.php?rest_route=\/wp\/v2\/types\/page"}],"author":[{"embeddable":true,"href":"https:\/\/editionsderniermot.com\/index.php?rest_route=\/wp\/v2\/users\/1"}],"replies":[{"embeddable":true,"href":"https:\/\/editionsderniermot.com\/index.php?rest_route=%2Fwp%2Fv2%2Fcomments&post=137"}],"version-history":[{"count":7,"href":"https:\/\/editionsderniermot.com\/index.php?rest_route=\/wp\/v2\/pages\/137\/revisions"}],"predecessor-version":[{"id":215,"href":"https:\/\/editionsderniermot.com\/index.php?rest_route=\/wp\/v2\/pages\/137\/revisions\/215"}],"wp:attachment":[{"href":"https:\/\/editionsderniermot.com\/index.php?rest_route=%2Fwp%2Fv2%2Fmedia&parent=137"}],"curies":[{"name":"wp","href":"https:\/\/api.w.org\/{rel}","templated":true}]}}